{"id":1631,"date":"2026-04-29T08:15:27","date_gmt":"2026-04-29T08:15:27","guid":{"rendered":"https:\/\/enfocat-terapiavisual.com\/cat\/?page_id=1631"},"modified":"2026-04-29T08:19:21","modified_gmt":"2026-04-29T08:19:21","slug":"politica-de-privacitat","status":"publish","type":"page","link":"https:\/\/enfocat-terapiavisual.com\/cat\/politica-de-privacitat\/","title":{"rendered":"Pol\u00edtica de privacitat"},"content":{"rendered":"\t\t<div data-elementor-type=\"wp-page\" data-elementor-id=\"1631\" class=\"elementor elementor-1631\" data-elementor-post-type=\"page\">\n\t\t\t\t<div class=\"elementor-element elementor-element-f415b53 e-flex e-con-boxed e-con e-parent\" data-id=\"f415b53\" data-element_type=\"container\" data-e-type=\"container\">\n\t\t\t\t\t<div class=\"e-con-inner\">\n\t\t\t\t<div class=\"elementor-element elementor-element-2d23472 elementor-widget elementor-widget-text-editor\" data-id=\"2d23472\" data-element_type=\"widget\" data-e-type=\"widget\" data-widget_type=\"text-editor.default\">\n\t\t\t\t<div class=\"elementor-widget-container\">\n\t\t\t\t\t\t\t\t\t<div class=\"page-header\"><h1>Pol\u00edtica de privacitat<\/h1><p><strong>RESPONSABLE DEL TRACTAMENT<\/strong><\/p><h2>Principis de privacitat<\/h2><p>Des de GE\u00d2RGIA GARC\u00cdA L\u00d3PEZ ens comprometem amb tu a treballar cont\u00ednuament per a garantir la privacitat en el tractament de les teves dades personals, i per a oferir-te a cada moment la informaci\u00f3 m\u00e9s completa i clara que puguem. T&#8217;animem a llegir detingudament aquesta secci\u00f3 abans de facilitar-nos les teves dades personals.<br \/>Si ets menor de catorze anys et preguem que no ens facilitis les teves dades sense consentiment dels teus pares.<br \/>En aquest apartat t&#8217;informem de com tractem les dades de les persones que tenen relaci\u00f3 amb la nostra organitzaci\u00f3. Comen\u00e7ant pels nostres principis:<br \/>&#8211; No sol\u00b7licitem informaci\u00f3 personal, tret que sigui necess\u00e0ria per a prestar-te els serveis que ens requereixis.<br \/>&#8211; Mai compartim informaci\u00f3 personal amb ning\u00fa, excepte per a complir la llei, o comptem amb la teva autoritzaci\u00f3 expressa.<br \/>&#8211; Mai utilitzarem les teves dades personals per a finalitats distintes a les expressades en la present pol\u00edtica de privacitat.<br \/>&#8211; Les teves dades sempre seran tractats amb un nivell de protecci\u00f3 adequat a la legislaci\u00f3 en mat\u00e8ria de protecci\u00f3 de dades, i no els sotmetrem a decisions automatitzades.<br \/><br \/>La present pol\u00edtica de privacitat l&#8217;hem redactat tenint en compte les exig\u00e8ncies de l&#8217;actual legislaci\u00f3 de protecci\u00f3 de dades:<br \/>&#8211; Reglament (UE) 2016\/679 del Parlament Europeu i del Consell de 27 d&#8217;abril de 2016 relatiu a la protecci\u00f3 de les persones f\u00edsiques (RGPD).<br \/>&#8211; Llei org\u00e0nica 3\/2018, de 5 de desembre, de Protecci\u00f3 de Dades de Car\u00e0cter Personal i garantia dels drets digitals (LOPD).<br \/>&#8211; Reial decret 1720\/2007, de 21 de desembre (RLOPD).<br \/><br \/>Aquesta pol\u00edtica de privacitat est\u00e0 redactada amb data 6 de desembre de 2018.<br \/>Amb motiu de la modificaci\u00f3 de criteris de tractament, a fi de facilitar la seva comprensi\u00f3 o d&#8217;adaptar-la a la legalitat vigent, \u00e9s possible que modifiquem la present pol\u00edtica de privacitat. Actualitzarem la data d&#8217;aquesta, perqu\u00e8 puguis comprovar la seva vig\u00e8ncia.<\/p><h2>Tractaments que realitzem<\/h2><p>Tractament de Contactes<br \/>Base Jur\u00eddica:\u00a0Consentiment de l&#8217;interessat<br \/>Fins del Tractament:\u00a0Atendre la seva sol\u00b7licitud, enviar-li informaci\u00f3 i realitzar un seguiment de la sol\u00b7licitud.<br \/>Col\u00b7lectiu:\u00a0Persones de contacte, clients, prove\u00efdors<br \/>Categories de Dades:\u00a0Nom i cognoms, tel\u00e8fon, adre\u00e7a d&#8217;email<br \/>Categories de Destinataris:\u00a0No es contemplen cessions de dades a tercers.<br \/>Transfer\u00e8ncies Internacionals:\u00a0No estan previstes transfer\u00e8ncies internacionals de les dades.<br \/>Termini de Supressi\u00f3:\u00a0Les dades de contacte es conservaran per un per\u00edode indefinit, o fins que l&#8217;interessat sol\u00b7liciti la seva supressi\u00f3.<br \/>Mesures de Seguretat:\u00a0Adaptades a les exig\u00e8ncies del Reglament (EU) 2016\/679, Reglament General de Protecci\u00f3 de Dades.<br \/><br \/>Tractament d&#8217;Atenci\u00f3\u00a0 drets de les persones (ARC)<br \/>Base Jur\u00eddica:\u00a0RGPD: 6.1.c) Tractament necessari per al compliment d&#8217;una obligaci\u00f3 legal aplicable al responsable del tractament.<br \/>Reglament General de Protecci\u00f3 de Dades.<br \/>Fins del Tractament:\u00a0Atendre les sol\u00b7licituds en l&#8217;exercici dels drets que estableix el Reglament General de Protecci\u00f3 de Dades: Dret d&#8217;acc\u00e9s,\u00a0recificaci\u00f3n, supressi\u00f3, limitaci\u00f3, portabilitat i oposici\u00f3 a la presa de decisions automatitzades.<br \/>Col\u00b7lectiu:\u00a0Persones f\u00edsiques que ho sol\u00b7liciten (empleats, clients, prove\u00efdors, persones de contacte)<br \/>Categories de Dades:\u00a0Nom i cognoms, adre\u00e7a, signatura i tel\u00e8fon.<br \/>Categories de Destinataris:\u00a0Les dades personals podran ser comunicats a l&#8217;Autoritat de Control (Ag\u00e8ncia Espanyola de Protecci\u00f3 de Dades) en el marc d&#8217;una recerca per tutela de drets iniciada per l&#8217;interessat.<br \/>Transfer\u00e8ncies Internacionals:\u00a0No estan previstes transfer\u00e8ncies internacionals de les dades.<br \/>Termini de Supressi\u00f3:\u00a0Es conservaran durant un termini de cinc anys des del moment de la sol\u00b7licitud.<br \/>Mesures de Seguretat:\u00a0Adaptades a les exig\u00e8ncies del Reglament (EU) 2016\/679, Reglament General de Protecci\u00f3 de Dades.<br \/><br \/>Tractament de\u00a0Prove\u00efdors<br \/>Base Jur\u00eddica:\u00a0RGPD: 6.1.b) Tractament necessari per a l&#8217;execuci\u00f3 d&#8217;un contracte en el qual l&#8217;interessat \u00e9s part o per a l&#8217;aplicaci\u00f3 a petici\u00f3 d&#8217;aquest de mesures precontractuals.<br \/>RGPD: 6.1.c) Tractament necessari per al compliment d&#8217;una obligaci\u00f3 legal aplicable al responsable del tractament.<br \/>reial decret legislatiu 2\/2015, de 23 d&#8217;octubre, pel qual s&#8217;aprova el text ref\u00f3s de la Llei de l&#8217;Estatut dels Treballadors.<br \/>Llei 58\/2003, de 17 de desembre, General Tribut\u00e0ria.<br \/>Fins del Tractament:\u00a0&#8211; Adquisici\u00f3 de productes i\/o serveis que necessitem per al desenvolupament de la nostra activitat.<br \/>&#8211; Control dels subcontractistes si escau.<br \/>Col\u00b7lectiu:\u00a0&#8211; Prove\u00efdors.<br \/>&#8211; Persones que treballen per als nostres prove\u00efdors.<br \/>Categories de Dades:\u00a0&#8211; Nom i cognoms, DNI\/NIF\/Document identificatiu, adre\u00e7a, signatura i tel\u00e8fon.<br \/>&#8211; Dades de detall d&#8217;ocupaci\u00f3: lloc de treball. Formaci\u00f3 en seguretat laboral.<br \/>&#8211; Dades econ\u00f2mic financeres i d&#8217;assegurances: Dades banc\u00e0ries.<br \/>Categories de Destinataris:\u00a0&#8211; Entitats financeres. (Pagament de factures)<br \/>&#8211; Ag\u00e8ncia Estatal d&#8217;Administraci\u00f3 Tribut\u00e0ria.<br \/>Transfer\u00e8ncies Internacionals:\u00a0No estan previstes transfer\u00e8ncies internacionals de les dades.<br \/>Termini de Supressi\u00f3:\u00a0Es conservaran durant el temps necessari per a complir amb la finalitat per a la qual es van recaptar i per a determinar les possibles responsabilitats que es poguessin derivar d&#8217;aquesta finalitat i del tractament de les dades, conforme a la Llei 58\/2003, de 17 de desembre, General Tribut\u00e0ria,<br \/>Mesures de Seguretat:\u00a0Adaptades a les exig\u00e8ncies del Reglament (EU) 2016\/679, Reglament General de Protecci\u00f3 de Dades.<br \/><br \/>Tractament de\u00a0Notificaci\u00f3 de Bretxes de Seguretat<br \/>Base Jur\u00eddica:\u00a0RGPD: 6.1.c) Tractament necessari per al compliment d&#8217;una obligaci\u00f3 legal aplicable al responsable del tractament.<br \/>Reglament General de Protecci\u00f3 de Dades. Articles 33 i 34<br \/>Fins del Tractament:\u00a0Gesti\u00f3 i avaluaci\u00f3 de les bretxes de seguretat que es produ\u00efssin en la nostra organitzaci\u00f3.<br \/>Col\u00b7lectiu:\u00a0Variable: Empleats, Clients, Prove\u00efdors, Persones de Contacte (dependr\u00e0 de la bretxa de seguretat)<br \/>Categories de Dades:\u00a0Variable. (Dependr\u00e0 de la bretxa de seguretat)<br \/>Categories de Destinataris:\u00a0&#8211; Ag\u00e8ncia Espanyola de Protecci\u00f3 de Dades.<br \/>&#8211; Forces i Cossos de Seguretat de l&#8217;Estat.<br \/>Transfer\u00e8ncies Internacionals:\u00a0No estan previstes transfer\u00e8ncies internacionals de les dades.<br \/>Termini de Supressi\u00f3:\u00a0Es conservaran durant el temps necessari per a complir amb la finalitat per a la qual es van recaptar i per a determinar les possibles responsabilitats que es poguessin derivar d&#8217;aquesta finalitat i del tractament de les dades. Ser\u00e0 aplicable el que es disposa en la normativa d&#8217;arxius i documentaci\u00f3.<br \/>Mesures de Seguretat:\u00a0Adaptades a les exig\u00e8ncies del Reglament (EU) 2016\/679, Reglament General de Protecci\u00f3 de Dades.<br \/><br \/>Tractament d&#8217;Historials\u00a0 Cl\u00ednics<br \/>Base Jur\u00eddica:\u00a0RGPD: 6.1.b) Tractament necessari per a l&#8217;execuci\u00f3 d&#8217;un contracte en el qual l&#8217;interessat \u00e9s part o per a l&#8217;aplicaci\u00f3 a petici\u00f3 d&#8217;aquest de mesures precontractuals.<br \/>Fins del Tractament:\u00a0Gestionar les dades de salut, inclosos els historials cl\u00ednics dels pacients, amb la finalitat de realitzar diagn\u00f2stics precisos, seguir els tractaments indicats, avaluar l&#8217;efic\u00e0cia i coordinaci\u00f3 visual, i abordar problemes relacionats amb la vista.<br \/>Col\u00b7lectiu:\u00a0Pacients<br \/>Categories de Dades:\u00a0&#8211; Nom i cognoms, DNI\/NIF\/Document identificatiu, adre\u00e7a, signatura i tel\u00e8fon.<br \/>&#8211; Dades de Salut<br \/>Categories de Destinataris:\u00a0Administraci\u00f3 p\u00fablica amb compet\u00e8ncies en sanitat (Si escau)<br \/>Entitats banc\u00e0ries (Cobrament de serveis)<br \/>Transfer\u00e8ncies Internacionals:\u00a0No estan previstes transfer\u00e8ncies internacionals de les dades.<br \/>Termini de Supressi\u00f3:\u00a0Es conservaran durant el temps necessari per a complir amb la finalitat per a la qual es van recaptar i per a determinar les possibles responsabilitats que es poguessin derivar d&#8217;aquesta finalitat i del tractament de les dades.<br \/>Mesures de Seguretat: Adaptades a les exig\u00e8ncies del Reglament (EU) 2016\/679, Reglament General de Protecci\u00f3 de Dades.<\/p><h2>ELS TEUS DRETS<\/h2><p>Tens dret a sol\u00b7licitar-nos una c\u00f2pia de les teves dades personals, a rectificar les dades inexactes o completar-los si estiguessin incomplets, o si \u00e9s el cas suprimir-los, quan ja no siguin necessaris per als fins per als quals van ser recollits.<br \/><br \/>Tamb\u00e9 tens dret a limitar el tractament de les teves dades personals i a obtenir les teves dades personals en un format estructurat i llegible.<br \/><br \/>Pots oposar-te al tractament de les teves dades personals en algunes circumst\u00e0ncies (en particular, quan no h\u00e0gim de processar-los per a complir amb un requisit contractual o un altre requisit legal, o quan l&#8217;objecte del tractament sigui el m\u00e0rqueting directe).<br \/><br \/>Quan ens hagis atorgat el teu consentiment, podr\u00e0s retirar-lo en qualsevol moment. En aquest moment deixarem de tractar les teves dades o, si \u00e9s el cas, deixarem de fer-ho per a aquesta finalitat en concret. Si decideixes retirar el teu consentiment, aix\u00f2 no afectar\u00e0 cap tractament que hagi tingut lloc mentre el teu consentiment estava vigent.<br \/><br \/>Aquests drets podran veure&#8217;s limitats; per exemple si per a complir la teva sol\u00b7licitud hagu\u00e9ssim de revelar dades sobre una altra persona, o si ens sol\u00b7licites que eliminem alguns registres que estem obligats a mantenir per una obligaci\u00f3 legal o per un inter\u00e8s leg\u00edtim, com pugui ser l&#8217;exercici de defensa davant reclamacions. O fins i tot en aquells casos on ha de prevaler el dret a la llibertat d&#8217;expressi\u00f3 i informaci\u00f3.<br \/><br \/>Pots contactar amb nosaltres per qualsevol dels mitjans indicats en l&#8217;apartat Responsable del Tractament d&#8217;aquesta pol\u00edtica de privacitat, aportant una c\u00f2pia d&#8217;un document que acrediti la teva identitat (normalment el DNI). La forma m\u00e9s c\u00f2moda d&#8217;exercir els seus drets \u00e9s accedint al nostre PORTAL DE DRETS:\u00a0https:\/\/www.adelopd.com\/portalderechos\/enfocat-terapiavisual.<br \/><br \/>Un altre dels teus drets \u00e9s el de no ser objecte d&#8217;una decisi\u00f3 basada \u00fanicament en un tractament automatitzat, inclosa l&#8217;elaboraci\u00f3 de perfils que produeixi efectes jur\u00eddics o t&#8217;afecti.<br \/><br \/>Enfront de qualsevol vulneraci\u00f3 dels teus drets, com, per exemple, que no h\u00e0gim at\u00e8s la teva sol\u00b7licitud, tens dret a presentar una reclamaci\u00f3 davant l&#8217;Autoritat de Control en mat\u00e8ria de protecci\u00f3 de dades. Aquesta pot ser la del teu pa\u00eds (si vius fora d&#8217;Espanya) o l&#8217;Ag\u00e8ncia Espanyola de Protecci\u00f3 de Dades (si vius a Espanya).<\/p><h3>Informaci\u00f3 addicional<\/h3><p>Enlla\u00e7os a llocs web de tercers.<br \/>El nostre lloc web pot, en algunes ocasions, contenir enlla\u00e7os cap a altres llocs web. \u00c9s la teva responsabilitat assegurar-te de llegir la pol\u00edtica de protecci\u00f3 de dades i les condicions legals que s&#8217;apliquin a cada lloc.<\/p><h3>Dades de tercers.<\/h3><p>Si ens facilites dades de tercers, assumeixes la responsabilitat d&#8217;informar-los pr\u00e8viament segons el que s&#8217;estableix en l&#8217;article 14 del RGPD.<\/p><\/div><p><!-- \/wp:paragraph --><\/p>\t\t\t\t\t\t\t\t<\/div>\n\t\t\t\t<\/div>\n\t\t\t\t\t<\/div>\n\t\t\t\t<\/div>\n\t\t\t\t<\/div>\n\t\t","protected":false},"excerpt":{"rendered":"<p>Pol\u00edtica de privacitat RESPONSABLE DEL TRACTAMENT Principis de privacitat Des de GE\u00d2RGIA GARC\u00cdA L\u00d3PEZ ens comprometem amb tu a treballar cont\u00ednuament per a garantir la privacitat en el tractament de les teves dades personals, i per a oferir-te a cada moment la informaci\u00f3 m\u00e9s completa i clara que puguem. T&#8217;animem a llegir detingudament aquesta secci\u00f3 [&hellip;]<\/p>\n","protected":false},"author":1,"featured_media":0,"parent":0,"menu_order":0,"comment_status":"closed","ping_status":"closed","template":"","meta":{"inline_featured_image":false,"editor_notices":[],"_joinchat":[],"footnotes":""},"class_list":["post-1631","page","type-page","status-publish","hentry"],"_links":{"self":[{"href":"https:\/\/enfocat-terapiavisual.com\/cat\/wp-json\/wp\/v2\/pages\/1631","targetHints":{"allow":["GET"]}}],"collection":[{"href":"https:\/\/enfocat-terapiavisual.com\/cat\/wp-json\/wp\/v2\/pages"}],"about":[{"href":"https:\/\/enfocat-terapiavisual.com\/cat\/wp-json\/wp\/v2\/types\/page"}],"author":[{"embeddable":true,"href":"https:\/\/enfocat-terapiavisual.com\/cat\/wp-json\/wp\/v2\/users\/1"}],"replies":[{"embeddable":true,"href":"https:\/\/enfocat-terapiavisual.com\/cat\/wp-json\/wp\/v2\/comments?post=1631"}],"version-history":[{"count":4,"href":"https:\/\/enfocat-terapiavisual.com\/cat\/wp-json\/wp\/v2\/pages\/1631\/revisions"}],"predecessor-version":[{"id":1635,"href":"https:\/\/enfocat-terapiavisual.com\/cat\/wp-json\/wp\/v2\/pages\/1631\/revisions\/1635"}],"wp:attachment":[{"href":"https:\/\/enfocat-terapiavisual.com\/cat\/wp-json\/wp\/v2\/media?parent=1631"}],"curies":[{"name":"wp","href":"https:\/\/api.w.org\/{rel}","templated":true}]}}