{"id":25,"date":"2024-04-18T15:10:56","date_gmt":"2024-04-18T15:10:56","guid":{"rendered":"https:\/\/enfocat-terapiavisual.com\/?page_id=25"},"modified":"2026-04-27T10:33:41","modified_gmt":"2026-04-27T10:33:41","slug":"coordinacio-visual","status":"publish","type":"page","link":"https:\/\/enfocat-terapiavisual.com\/cat\/coordinacio-visual\/","title":{"rendered":"Coordinaci\u00f3 Visual"},"content":{"rendered":"\t\t<div data-elementor-type=\"wp-page\" data-elementor-id=\"25\" class=\"elementor elementor-25\" data-elementor-post-type=\"page\">\n\t\t\t\t<div class=\"elementor-element elementor-element-7c64555 e-flex e-con-boxed e-con e-parent\" data-id=\"7c64555\" data-element_type=\"container\" data-e-type=\"container\" data-settings=\"{&quot;background_background&quot;:&quot;video&quot;,&quot;background_video_link&quot;:&quot;https:\\\/\\\/enfocat-terapiavisual.com\\\/wp-content\\\/uploads\\\/coordinacion-visual.mp4&quot;,&quot;background_play_on_mobile&quot;:&quot;yes&quot;}\">\n\t\t\t\t\t<div class=\"e-con-inner\">\n\t\t<div class=\"elementor-background-video-container\">\n\t\t\t\t\t\t\t<video class=\"elementor-background-video-hosted\" role=\"presentation\" autoplay muted playsinline loop><\/video>\n\t\t\t\t\t<\/div>\t\t<div class=\"elementor-element elementor-element-135f4e6 elementor-widget elementor-widget-heading\" data-id=\"135f4e6\" data-element_type=\"widget\" data-e-type=\"widget\" data-widget_type=\"heading.default\">\n\t\t\t\t<div class=\"elementor-widget-container\">\n\t\t\t\t\t<h1 class=\"elementor-heading-title elementor-size-default\">Coordinaci\u00f3 Visual\n<\/h1>\t\t\t\t<\/div>\n\t\t\t\t<\/div>\n\t\t\t\t<div class=\"elementor-element elementor-element-ce80554 elementor-align-center elementor-widget elementor-widget-button\" data-id=\"ce80554\" data-element_type=\"widget\" data-e-type=\"widget\" data-widget_type=\"button.default\">\n\t\t\t\t<div class=\"elementor-widget-container\">\n\t\t\t\t\t\t\t\t\t<div class=\"elementor-button-wrapper\">\n\t\t\t\t\t<a class=\"elementor-button elementor-button-link elementor-size-sm\" href=\"\/cat\/contacte\/\">\n\t\t\t\t\t\t<span class=\"elementor-button-content-wrapper\">\n\t\t\t\t\t\t\t\t\t<span class=\"elementor-button-text\">Comen\u00e7a avui<\/span>\n\t\t\t\t\t<\/span>\n\t\t\t\t\t<\/a>\n\t\t\t\t<\/div>\n\t\t\t\t\t\t\t\t<\/div>\n\t\t\t\t<\/div>\n\t\t\t\t\t<\/div>\n\t\t\t\t<\/div>\n\t\t<div class=\"elementor-element elementor-element-9538e7c e-con-full e-flex e-con e-parent\" data-id=\"9538e7c\" data-element_type=\"container\" data-e-type=\"container\">\n\t\t<div class=\"elementor-element elementor-element-e8f02db e-con-full e-flex e-con e-child\" data-id=\"e8f02db\" data-element_type=\"container\" data-e-type=\"container\">\n\t\t\t\t<div class=\"elementor-element elementor-element-4da9786 elementor-invisible elementor-widget elementor-widget-heading\" data-id=\"4da9786\" data-element_type=\"widget\" data-e-type=\"widget\" data-settings=\"{&quot;_animation&quot;:&quot;zoomIn&quot;}\" data-widget_type=\"heading.default\">\n\t\t\t\t<div class=\"elementor-widget-container\">\n\t\t\t\t\t<h2 class=\"elementor-heading-title elementor-size-default\">Qu\u00e8 \u00e9s la coordinaci\u00f3 visual?\n<\/h2>\t\t\t\t<\/div>\n\t\t\t\t<\/div>\n\t\t\t\t<div class=\"elementor-element elementor-element-52684be elementor-widget-divider--view-line elementor-widget elementor-widget-divider\" data-id=\"52684be\" data-element_type=\"widget\" data-e-type=\"widget\" data-widget_type=\"divider.default\">\n\t\t\t\t<div class=\"elementor-widget-container\">\n\t\t\t\t\t\t\t<div class=\"elementor-divider\">\n\t\t\t<span class=\"elementor-divider-separator\">\n\t\t\t\t\t\t<\/span>\n\t\t<\/div>\n\t\t\t\t\t\t<\/div>\n\t\t\t\t<\/div>\n\t\t\t\t<div class=\"elementor-element elementor-element-efa66be elementor-widget elementor-widget-text-editor\" data-id=\"efa66be\" data-element_type=\"widget\" data-e-type=\"widget\" data-widget_type=\"text-editor.default\">\n\t\t\t\t<div class=\"elementor-widget-container\">\n\t\t\t\t\t\t\t\t\t<p>La coordinaci\u00f3 visual \u00e9s l&#8217;habilitat que permet als nostres ulls treballar de manera conjunta i eficient per a processar la informaci\u00f3 visual que rebem de l&#8217;entorn.\u00a0<br \/><br \/>Aix\u00f2 implica que tots dos ulls enfoquin i es moguin de forma sincronitzada per a crear una \u00fanica imatge clara. La coordinaci\u00f3 visual \u00e9s essencial per a tasques com llegir, escriure, seguir objectes en moviment i mantenir una percepci\u00f3 tridimensional de l&#8217;entorn.<br \/><br \/>Si la coordinaci\u00f3 visual \u00e9s deficient, poden sorgir problemes com a visi\u00f3 borrosa, fatiga ocular, dificultat per a concentrar-se i problemes d&#8217;equilibri, influint en el nostre rendiment en diverses tasques, com poden ser les acad\u00e8miques i fins i tot les laborals.<\/p>\t\t\t\t\t\t\t\t<\/div>\n\t\t\t\t<\/div>\n\t\t\t\t<\/div>\n\t\t\t\t<div class=\"elementor-element elementor-element-aa581c2 elementor-widget__width-initial elementor-widget-tablet__width-inherit elementor-invisible elementor-widget elementor-widget-image\" data-id=\"aa581c2\" data-element_type=\"widget\" data-e-type=\"widget\" data-settings=\"{&quot;_animation&quot;:&quot;fadeInRight&quot;}\" data-widget_type=\"image.default\">\n\t\t\t\t<div class=\"elementor-widget-container\">\n\t\t\t\t\t\t\t\t\t\t\t\t\t\t\t<img fetchpriority=\"high\" decoding=\"async\" width=\"600\" height=\"700\" src=\"https:\/\/enfocat-terapiavisual.com\/cat\/wp-content\/uploads\/sites\/8\/coordinacio-visual-barcelona.jpg\" class=\"attachment-full size-full wp-image-1459\" alt=\"\" srcset=\"https:\/\/enfocat-terapiavisual.com\/cat\/wp-content\/uploads\/sites\/8\/coordinacio-visual-barcelona.jpg 600w, https:\/\/enfocat-terapiavisual.com\/cat\/wp-content\/uploads\/sites\/8\/coordinacio-visual-barcelona-257x300.jpg 257w\" sizes=\"(max-width: 600px) 100vw, 600px\" \/>\t\t\t\t\t\t\t\t\t\t\t\t\t\t\t<\/div>\n\t\t\t\t<\/div>\n\t\t\t\t<\/div>\n\t\t<div class=\"elementor-element elementor-element-fec8734 e-con-full e-flex e-con e-parent\" data-id=\"fec8734\" data-element_type=\"container\" data-e-type=\"container\">\n\t\t\t\t<div class=\"elementor-element elementor-element-0c17da0 elementor-widget__width-initial elementor-widget-tablet__width-inherit elementor-invisible elementor-widget elementor-widget-image\" data-id=\"0c17da0\" data-element_type=\"widget\" data-e-type=\"widget\" data-settings=\"{&quot;_animation&quot;:&quot;fadeInLeft&quot;}\" data-widget_type=\"image.default\">\n\t\t\t\t<div class=\"elementor-widget-container\">\n\t\t\t\t\t\t\t\t\t\t\t\t\t\t\t<img decoding=\"async\" width=\"600\" height=\"700\" src=\"https:\/\/enfocat-terapiavisual.com\/cat\/wp-content\/uploads\/sites\/8\/tractament-de-coordinacio-visual-barcelona.jpg\" class=\"attachment-full size-full wp-image-1460\" alt=\"\" srcset=\"https:\/\/enfocat-terapiavisual.com\/cat\/wp-content\/uploads\/sites\/8\/tractament-de-coordinacio-visual-barcelona.jpg 600w, https:\/\/enfocat-terapiavisual.com\/cat\/wp-content\/uploads\/sites\/8\/tractament-de-coordinacio-visual-barcelona-257x300.jpg 257w\" sizes=\"(max-width: 600px) 100vw, 600px\" \/>\t\t\t\t\t\t\t\t\t\t\t\t\t\t\t<\/div>\n\t\t\t\t<\/div>\n\t\t<div class=\"elementor-element elementor-element-7e1a0f1 e-con-full e-flex e-con e-child\" data-id=\"7e1a0f1\" data-element_type=\"container\" data-e-type=\"container\">\n\t\t\t\t<div class=\"elementor-element elementor-element-0b3238f elementor-invisible elementor-widget elementor-widget-heading\" data-id=\"0b3238f\" data-element_type=\"widget\" data-e-type=\"widget\" data-settings=\"{&quot;_animation&quot;:&quot;zoomIn&quot;}\" data-widget_type=\"heading.default\">\n\t\t\t\t<div class=\"elementor-widget-container\">\n\t\t\t\t\t<h2 class=\"elementor-heading-title elementor-size-default\">Beneficis del tractament de coordinaci\u00f3 visual\n<\/h2>\t\t\t\t<\/div>\n\t\t\t\t<\/div>\n\t\t\t\t<div class=\"elementor-element elementor-element-06545ee elementor-widget-divider--view-line elementor-widget elementor-widget-divider\" data-id=\"06545ee\" data-element_type=\"widget\" data-e-type=\"widget\" data-widget_type=\"divider.default\">\n\t\t\t\t<div class=\"elementor-widget-container\">\n\t\t\t\t\t\t\t<div class=\"elementor-divider\">\n\t\t\t<span class=\"elementor-divider-separator\">\n\t\t\t\t\t\t<\/span>\n\t\t<\/div>\n\t\t\t\t\t\t<\/div>\n\t\t\t\t<\/div>\n\t\t\t\t<div class=\"elementor-element elementor-element-c04e459 elementor-widget elementor-widget-text-editor\" data-id=\"c04e459\" data-element_type=\"widget\" data-e-type=\"widget\" data-widget_type=\"text-editor.default\">\n\t\t\t\t<div class=\"elementor-widget-container\">\n\t\t\t\t\t\t\t\t\t<div class=\"traductor-textarea form-group\"><div class=\"textarea-desti col-xs-12 col-sm-6\"><div class=\"form-control second-textarea\">El tractament adequat de la coordinaci\u00f3 visual pot oferir nombrosos beneficis, com ara:<\/div><div>\u00a0<\/div><\/div><\/div><ul><li>Millora en la claredat i estabilitat de la visi\u00f3.<\/li><li>Increment del rendiment acad\u00e8mic i laboral gr\u00e0cies a una millor capacitat de concentraci\u00f3 i lectura.<\/li><li>Reducci\u00f3 de la fatiga ocular i els maldecaps associats a l&#8217;esfor\u00e7 visual.<\/li><li>Millora en les habilitats esportives i activitats que requereixen precisi\u00f3 visual i motora.<\/li><li>Augment de la confian\u00e7a i la qualitat de vida en facilitar la realitzaci\u00f3 de tasques quotidianes amb major comoditat.<\/li><\/ul>\t\t\t\t\t\t\t\t<\/div>\n\t\t\t\t<\/div>\n\t\t\t\t<div class=\"elementor-element elementor-element-dc4d163 elementor-align-center elementor-widget elementor-widget-button\" data-id=\"dc4d163\" data-element_type=\"widget\" data-e-type=\"widget\" data-widget_type=\"button.default\">\n\t\t\t\t<div class=\"elementor-widget-container\">\n\t\t\t\t\t\t\t\t\t<div class=\"elementor-button-wrapper\">\n\t\t\t\t\t<a class=\"elementor-button elementor-button-link elementor-size-sm\" href=\"\/cat\/contacte\/\">\n\t\t\t\t\t\t<span class=\"elementor-button-content-wrapper\">\n\t\t\t\t\t\t\t\t\t<span class=\"elementor-button-text\">Demana la teva cita<\/span>\n\t\t\t\t\t<\/span>\n\t\t\t\t\t<\/a>\n\t\t\t\t<\/div>\n\t\t\t\t\t\t\t\t<\/div>\n\t\t\t\t<\/div>\n\t\t\t\t<\/div>\n\t\t\t\t<\/div>\n\t\t\t\t<\/div>\n\t\t","protected":false},"excerpt":{"rendered":"<p>Coordinaci\u00f3 Visual Comen\u00e7a avui Qu\u00e8 \u00e9s la coordinaci\u00f3 visual? La coordinaci\u00f3 visual \u00e9s l&#8217;habilitat que permet als nostres ulls treballar de manera conjunta i eficient per a processar la informaci\u00f3 visual que rebem de l&#8217;entorn.\u00a0 Aix\u00f2 implica que tots dos ulls enfoquin i es moguin de forma sincronitzada per a crear una \u00fanica imatge clara. [&hellip;]<\/p>\n","protected":false},"author":1,"featured_media":0,"parent":0,"menu_order":0,"comment_status":"closed","ping_status":"closed","template":"","meta":{"inline_featured_image":false,"editor_notices":[],"_joinchat":[],"footnotes":""},"class_list":["post-25","page","type-page","status-publish","hentry"],"_links":{"self":[{"href":"https:\/\/enfocat-terapiavisual.com\/cat\/wp-json\/wp\/v2\/pages\/25","targetHints":{"allow":["GET"]}}],"collection":[{"href":"https:\/\/enfocat-terapiavisual.com\/cat\/wp-json\/wp\/v2\/pages"}],"about":[{"href":"https:\/\/enfocat-terapiavisual.com\/cat\/wp-json\/wp\/v2\/types\/page"}],"author":[{"embeddable":true,"href":"https:\/\/enfocat-terapiavisual.com\/cat\/wp-json\/wp\/v2\/users\/1"}],"replies":[{"embeddable":true,"href":"https:\/\/enfocat-terapiavisual.com\/cat\/wp-json\/wp\/v2\/comments?post=25"}],"version-history":[{"count":50,"href":"https:\/\/enfocat-terapiavisual.com\/cat\/wp-json\/wp\/v2\/pages\/25\/revisions"}],"predecessor-version":[{"id":1558,"href":"https:\/\/enfocat-terapiavisual.com\/cat\/wp-json\/wp\/v2\/pages\/25\/revisions\/1558"}],"wp:attachment":[{"href":"https:\/\/enfocat-terapiavisual.com\/cat\/wp-json\/wp\/v2\/media?parent=25"}],"curies":[{"name":"wp","href":"https:\/\/api.w.org\/{rel}","templated":true}]}}