{"id":317,"date":"2024-05-06T13:46:50","date_gmt":"2024-05-06T13:46:50","guid":{"rendered":"https:\/\/enfocat-terapiavisual.com\/?page_id=317"},"modified":"2026-04-27T10:38:52","modified_gmt":"2026-04-27T10:38:52","slug":"sindrome-visual-informatic","status":"publish","type":"page","link":"https:\/\/enfocat-terapiavisual.com\/cat\/sindrome-visual-informatic\/","title":{"rendered":"S\u00edndrome visual inform\u00e0tic"},"content":{"rendered":"\t\t<div data-elementor-type=\"wp-page\" data-elementor-id=\"317\" class=\"elementor elementor-317\" data-elementor-post-type=\"page\">\n\t\t\t\t<div class=\"elementor-element elementor-element-b280994 e-flex e-con-boxed e-con e-parent\" data-id=\"b280994\" data-element_type=\"container\" data-e-type=\"container\" data-settings=\"{&quot;background_background&quot;:&quot;video&quot;,&quot;background_video_link&quot;:&quot;https:\\\/\\\/enfocat-terapiavisual.com\\\/wp-content\\\/uploads\\\/sindrome-visual-informatico.mp4&quot;,&quot;background_play_on_mobile&quot;:&quot;yes&quot;}\">\n\t\t\t\t\t<div class=\"e-con-inner\">\n\t\t<div class=\"elementor-background-video-container\">\n\t\t\t\t\t\t\t<video class=\"elementor-background-video-hosted\" role=\"presentation\" autoplay muted playsinline loop><\/video>\n\t\t\t\t\t<\/div>\t\t<div class=\"elementor-element elementor-element-f36541c elementor-widget elementor-widget-heading\" data-id=\"f36541c\" data-element_type=\"widget\" data-e-type=\"widget\" data-widget_type=\"heading.default\">\n\t\t\t\t<div class=\"elementor-widget-container\">\n\t\t\t\t\t<h1 class=\"elementor-heading-title elementor-size-default\">Tractament per a la s\u00edndrome visual inform\u00e0tic\n<\/h1>\t\t\t\t<\/div>\n\t\t\t\t<\/div>\n\t\t\t\t<div class=\"elementor-element elementor-element-4d91fe1 elementor-align-center elementor-widget elementor-widget-button\" data-id=\"4d91fe1\" data-element_type=\"widget\" data-e-type=\"widget\" data-widget_type=\"button.default\">\n\t\t\t\t<div class=\"elementor-widget-container\">\n\t\t\t\t\t\t\t\t\t<div class=\"elementor-button-wrapper\">\n\t\t\t\t\t<a class=\"elementor-button elementor-button-link elementor-size-sm\" href=\"\/cat\/contacte\/\">\n\t\t\t\t\t\t<span class=\"elementor-button-content-wrapper\">\n\t\t\t\t\t\t\t\t\t<span class=\"elementor-button-text\">Comen\u00e7a avui<\/span>\n\t\t\t\t\t<\/span>\n\t\t\t\t\t<\/a>\n\t\t\t\t<\/div>\n\t\t\t\t\t\t\t\t<\/div>\n\t\t\t\t<\/div>\n\t\t\t\t\t<\/div>\n\t\t\t\t<\/div>\n\t\t<div class=\"elementor-element elementor-element-5642ffa e-con-full e-flex e-con e-parent\" data-id=\"5642ffa\" data-element_type=\"container\" data-e-type=\"container\">\n\t\t<div class=\"elementor-element elementor-element-1aded1d e-con-full e-flex e-con e-child\" data-id=\"1aded1d\" data-element_type=\"container\" data-e-type=\"container\">\n\t\t\t\t<div class=\"elementor-element elementor-element-d7561b3 elementor-invisible elementor-widget elementor-widget-heading\" data-id=\"d7561b3\" data-element_type=\"widget\" data-e-type=\"widget\" data-settings=\"{&quot;_animation&quot;:&quot;zoomIn&quot;}\" data-widget_type=\"heading.default\">\n\t\t\t\t<div class=\"elementor-widget-container\">\n\t\t\t\t\t<h2 class=\"elementor-heading-title elementor-size-default\">Qu\u00e8 \u00e9s la s\u00edndrome visual inform\u00e0tic?\n<\/h2>\t\t\t\t<\/div>\n\t\t\t\t<\/div>\n\t\t\t\t<div class=\"elementor-element elementor-element-7783af7 elementor-widget-divider--view-line elementor-widget elementor-widget-divider\" data-id=\"7783af7\" data-element_type=\"widget\" data-e-type=\"widget\" data-widget_type=\"divider.default\">\n\t\t\t\t<div class=\"elementor-widget-container\">\n\t\t\t\t\t\t\t<div class=\"elementor-divider\">\n\t\t\t<span class=\"elementor-divider-separator\">\n\t\t\t\t\t\t<\/span>\n\t\t<\/div>\n\t\t\t\t\t\t<\/div>\n\t\t\t\t<\/div>\n\t\t\t\t<div class=\"elementor-element elementor-element-ed2a4c9 elementor-widget elementor-widget-text-editor\" data-id=\"ed2a4c9\" data-element_type=\"widget\" data-e-type=\"widget\" data-widget_type=\"text-editor.default\">\n\t\t\t\t<div class=\"elementor-widget-container\">\n\t\t\t\t\t\t\t\t\t<p>La S\u00edndrome Visual Inform\u00e0tic (SVI), tamb\u00e9 conegut com a fatiga ocular digital, \u00e9s un conjunt de s\u00edmptomes oculars i visuals que resulten de l&#8217;\u00fas prolongat de dispositius digitals com a ordenadors, tauletes i tel\u00e8fons m\u00f2bils. En l&#8217;era digital actual, on passem hores enfront d&#8217;una pantalla per treball, estudi o entreteniment, aquest problema s&#8217;ha tornat cada vegada m\u00e9s com\u00fa.<\/p>\t\t\t\t\t\t\t\t<\/div>\n\t\t\t\t<\/div>\n\t\t\t\t<\/div>\n\t\t\t\t<div class=\"elementor-element elementor-element-f833ecc elementor-widget__width-initial elementor-widget-tablet__width-inherit elementor-invisible elementor-widget elementor-widget-image\" data-id=\"f833ecc\" data-element_type=\"widget\" data-e-type=\"widget\" data-settings=\"{&quot;_animation&quot;:&quot;fadeInRight&quot;}\" data-widget_type=\"image.default\">\n\t\t\t\t<div class=\"elementor-widget-container\">\n\t\t\t\t\t\t\t\t\t\t\t\t\t\t\t<img fetchpriority=\"high\" decoding=\"async\" width=\"500\" height=\"592\" src=\"https:\/\/enfocat-terapiavisual.com\/cat\/wp-content\/uploads\/sites\/8\/tractament-sindrome-visual-informatic-barcelona.jpg\" class=\"attachment-full size-full wp-image-1493\" alt=\"\" srcset=\"https:\/\/enfocat-terapiavisual.com\/cat\/wp-content\/uploads\/sites\/8\/tractament-sindrome-visual-informatic-barcelona.jpg 500w, https:\/\/enfocat-terapiavisual.com\/cat\/wp-content\/uploads\/sites\/8\/tractament-sindrome-visual-informatic-barcelona-253x300.jpg 253w\" sizes=\"(max-width: 500px) 100vw, 500px\" \/>\t\t\t\t\t\t\t\t\t\t\t\t\t\t\t<\/div>\n\t\t\t\t<\/div>\n\t\t\t\t<\/div>\n\t\t<div class=\"elementor-element elementor-element-13f4236 e-con-full e-flex e-con e-parent\" data-id=\"13f4236\" data-element_type=\"container\" data-e-type=\"container\">\n\t\t\t\t<div class=\"elementor-element elementor-element-44bab21 elementor-widget__width-initial elementor-widget-tablet__width-inherit elementor-invisible elementor-widget elementor-widget-image\" data-id=\"44bab21\" data-element_type=\"widget\" data-e-type=\"widget\" data-settings=\"{&quot;_animation&quot;:&quot;fadeInLeft&quot;}\" data-widget_type=\"image.default\">\n\t\t\t\t<div class=\"elementor-widget-container\">\n\t\t\t\t\t\t\t\t\t\t\t\t\t\t\t<img decoding=\"async\" width=\"600\" height=\"700\" src=\"https:\/\/enfocat-terapiavisual.com\/cat\/wp-content\/uploads\/sites\/8\/sindrome-visual-informatic.jpg\" class=\"attachment-full size-full wp-image-1495\" alt=\"\" srcset=\"https:\/\/enfocat-terapiavisual.com\/cat\/wp-content\/uploads\/sites\/8\/sindrome-visual-informatic.jpg 600w, https:\/\/enfocat-terapiavisual.com\/cat\/wp-content\/uploads\/sites\/8\/sindrome-visual-informatic-257x300.jpg 257w\" sizes=\"(max-width: 600px) 100vw, 600px\" \/>\t\t\t\t\t\t\t\t\t\t\t\t\t\t\t<\/div>\n\t\t\t\t<\/div>\n\t\t<div class=\"elementor-element elementor-element-687ff47 e-con-full e-flex e-con e-child\" data-id=\"687ff47\" data-element_type=\"container\" data-e-type=\"container\">\n\t\t\t\t<div class=\"elementor-element elementor-element-3869d42 elementor-invisible elementor-widget elementor-widget-heading\" data-id=\"3869d42\" data-element_type=\"widget\" data-e-type=\"widget\" data-settings=\"{&quot;_animation&quot;:&quot;zoomIn&quot;}\" data-widget_type=\"heading.default\">\n\t\t\t\t<div class=\"elementor-widget-container\">\n\t\t\t\t\t<h2 class=\"elementor-heading-title elementor-size-default\">Beneficis del tractament\n<\/h2>\t\t\t\t<\/div>\n\t\t\t\t<\/div>\n\t\t\t\t<div class=\"elementor-element elementor-element-3f3e6cd elementor-widget-divider--view-line elementor-widget elementor-widget-divider\" data-id=\"3f3e6cd\" data-element_type=\"widget\" data-e-type=\"widget\" data-widget_type=\"divider.default\">\n\t\t\t\t<div class=\"elementor-widget-container\">\n\t\t\t\t\t\t\t<div class=\"elementor-divider\">\n\t\t\t<span class=\"elementor-divider-separator\">\n\t\t\t\t\t\t<\/span>\n\t\t<\/div>\n\t\t\t\t\t\t<\/div>\n\t\t\t\t<\/div>\n\t\t\t\t<div class=\"elementor-element elementor-element-5eec02b elementor-widget elementor-widget-text-editor\" data-id=\"5eec02b\" data-element_type=\"widget\" data-e-type=\"widget\" data-widget_type=\"text-editor.default\">\n\t\t\t\t<div class=\"elementor-widget-container\">\n\t\t\t\t\t\t\t\t\t<p>Mitjan\u00e7ant exercicis espec\u00edfics i pautes d&#8217;higiene visual es pot tractar la S\u00edndrome Visual Inform\u00e0tic (SVI). Els principals beneficis s\u00f3n:<\/p><ul><li>Reducci\u00f3 significativa de la fatiga ocular i els maldecaps.<\/li><li>Millora en la nitidesa visual i en la capacitat de concentraci\u00f3 durant l&#8217;\u00fas de pantalles.<\/li><li>Major confort visual i menor sequedat ocular, permetent sessions m\u00e9s llargues de treball o estudi sense mol\u00e8sties.<\/li><li>Millora de la postura i reducci\u00f3 del dolor en el coll i les espatlles associades amb l&#8217;\u00fas incorrecte de dispositius.<\/li><\/ul>\t\t\t\t\t\t\t\t<\/div>\n\t\t\t\t<\/div>\n\t\t\t\t<div class=\"elementor-element elementor-element-c34e674 elementor-align-center elementor-widget elementor-widget-button\" data-id=\"c34e674\" data-element_type=\"widget\" data-e-type=\"widget\" data-widget_type=\"button.default\">\n\t\t\t\t<div class=\"elementor-widget-container\">\n\t\t\t\t\t\t\t\t\t<div class=\"elementor-button-wrapper\">\n\t\t\t\t\t<a class=\"elementor-button elementor-button-link elementor-size-sm\" href=\"\/cat\/contacte\/\">\n\t\t\t\t\t\t<span class=\"elementor-button-content-wrapper\">\n\t\t\t\t\t\t\t\t\t<span class=\"elementor-button-text\">Demana la teva cita<\/span>\n\t\t\t\t\t<\/span>\n\t\t\t\t\t<\/a>\n\t\t\t\t<\/div>\n\t\t\t\t\t\t\t\t<\/div>\n\t\t\t\t<\/div>\n\t\t\t\t<\/div>\n\t\t\t\t<\/div>\n\t\t\t\t<\/div>\n\t\t","protected":false},"excerpt":{"rendered":"<p>Tractament per a la s\u00edndrome visual inform\u00e0tic Comen\u00e7a avui Qu\u00e8 \u00e9s la s\u00edndrome visual inform\u00e0tic? La S\u00edndrome Visual Inform\u00e0tic (SVI), tamb\u00e9 conegut com a fatiga ocular digital, \u00e9s un conjunt de s\u00edmptomes oculars i visuals que resulten de l&#8217;\u00fas prolongat de dispositius digitals com a ordenadors, tauletes i tel\u00e8fons m\u00f2bils. En l&#8217;era digital actual, on [&hellip;]<\/p>\n","protected":false},"author":1,"featured_media":0,"parent":0,"menu_order":0,"comment_status":"closed","ping_status":"closed","template":"","meta":{"inline_featured_image":false,"editor_notices":[],"_joinchat":[],"footnotes":""},"class_list":["post-317","page","type-page","status-publish","hentry"],"_links":{"self":[{"href":"https:\/\/enfocat-terapiavisual.com\/cat\/wp-json\/wp\/v2\/pages\/317","targetHints":{"allow":["GET"]}}],"collection":[{"href":"https:\/\/enfocat-terapiavisual.com\/cat\/wp-json\/wp\/v2\/pages"}],"about":[{"href":"https:\/\/enfocat-terapiavisual.com\/cat\/wp-json\/wp\/v2\/types\/page"}],"author":[{"embeddable":true,"href":"https:\/\/enfocat-terapiavisual.com\/cat\/wp-json\/wp\/v2\/users\/1"}],"replies":[{"embeddable":true,"href":"https:\/\/enfocat-terapiavisual.com\/cat\/wp-json\/wp\/v2\/comments?post=317"}],"version-history":[{"count":38,"href":"https:\/\/enfocat-terapiavisual.com\/cat\/wp-json\/wp\/v2\/pages\/317\/revisions"}],"predecessor-version":[{"id":1585,"href":"https:\/\/enfocat-terapiavisual.com\/cat\/wp-json\/wp\/v2\/pages\/317\/revisions\/1585"}],"wp:attachment":[{"href":"https:\/\/enfocat-terapiavisual.com\/cat\/wp-json\/wp\/v2\/media?parent=317"}],"curies":[{"name":"wp","href":"https:\/\/api.w.org\/{rel}","templated":true}]}}